{"id":261,"date":"2016-04-29T14:49:04","date_gmt":"2016-04-29T12:49:04","guid":{"rendered":"http:\/\/maler-schwebach.de\/?page_id=261"},"modified":"2023-09-08T15:23:59","modified_gmt":"2023-09-08T13:23:59","slug":"hiltrud-schwebach","status":"publish","type":"page","link":"https:\/\/schwebach.de\/?page_id=261","title":{"rendered":"Hiltrud Schwebach"},"content":{"rendered":"<div id=\"pl-261\"  class=\"panel-layout\" ><div id=\"pg-261-0\"  class=\"panel-grid panel-no-style\" ><div id=\"pgc-261-0-0\"  class=\"panel-grid-cell\" ><div id=\"panel-261-0-0-0\" class=\"so-panel widget widget_sow-editor panel-first-child\" data-index=\"0\" ><div\n\t\t\t\n\t\t\tclass=\"so-widget-sow-editor so-widget-sow-editor-base\"\n\t\t\t\n\t\t>\n<div class=\"siteorigin-widget-tinymce textwidget\">\n\t<h2><strong>Hiltrud Schwebach<\/strong><\/h2>\n<p><strong>Position: <\/strong>Gesellschafterin<br \/>eMail: <a href=\"mailto:hiltrud@schwebach.de\">hiltrud@schwebach.de<\/a><\/p>\n<p><strong>T\u00e4tigkeitsschwerpunkte<\/strong><\/p>\n<ul>\n<li>Finanzbuchhaltung und EDV<\/li>\n<li>Zertifizierte Fachberaterin f\u00fcr \u00f6kologisches Bauen und Wohnen<\/li>\n<\/ul>\n<p><strong>Spezialit\u00e4ten<\/strong><\/p>\n<ul>\n<li>Erkrankungen und Wohnschadstoffe, rechtliche Rahmenbedingungen<\/li>\n<li>Vorkommen, Toxikologie und Wirkungscharakter ausgew\u00e4hlter Schadstoffe<\/li>\n<li>\u00d6ko-Check, Vermeidung und Beseitigung von Schadstoffen<br \/>\n<figure id=\"attachment_262\" aria-describedby=\"caption-attachment-262\" style=\"width: 350px\" class=\"wp-caption alignnone\"><img loading=\"lazy\" decoding=\"async\" class=\"wp-image-262 size-full\" src=\"https:\/\/schwebach.de\/wp-content\/uploads\/2016\/04\/t_Schwebach_Hiltrud.jpg\" alt=\"Hiltrud Schwebach\" width=\"350\" height=\"525\" srcset=\"https:\/\/schwebach.de\/wp-content\/uploads\/2016\/04\/t_Schwebach_Hiltrud.jpg 350w, https:\/\/schwebach.de\/wp-content\/uploads\/2016\/04\/t_Schwebach_Hiltrud-200x300.jpg 200w\" sizes=\"auto, (max-width: 350px) 100vw, 350px\" \/><figcaption id=\"caption-attachment-262\" class=\"wp-caption-text\">Hiltrud Schwebach<\/figcaption><\/figure>\n<\/li>\n<\/ul>\n<\/div>\n<\/div><\/div><div id=\"panel-261-0-0-1\" class=\"so-panel widget widget_sow-social-media-buttons panel-last-child\" data-index=\"1\" ><div\n\t\t\t\n\t\t\tclass=\"so-widget-sow-social-media-buttons so-widget-sow-social-media-buttons-flat-cf24b7a4eb90-261\"\n\t\t\t\n\t\t>\n\n<div class=\"social-media-button-container\">\n\t\n\t\t<a \n\t\tclass=\"ow-button-hover sow-social-media-button-facebook-0 sow-social-media-button\" title=\"SCHWEBACH Maler &amp; Lackierer on Facebook\" aria-label=\"SCHWEBACH Maler &amp; Lackierer on Facebook\" target=\"_blank\" rel=\"noopener noreferrer\" href=\"https:\/\/www.facebook.com\/profile.php?id=100012746135063\" \t\t>\n\t\t\t<span>\n\t\t\t\t\t\t\t\t<span class=\"sow-icon-fontawesome sow-fab\" data-sow-icon=\"&#xf39e;\"\n\t\t \n\t\taria-hidden=\"true\"><\/span>\t\t\t\t\t\t\t<\/span>\n\t\t<\/a>\n\t<\/div>\n<\/div><\/div><\/div><div id=\"pgc-261-0-1\"  class=\"panel-grid-cell\" ><div id=\"panel-261-0-1-0\" class=\"so-panel widget widget_nav_menu panel-first-child\" data-index=\"2\" ><div class=\"menu-team-container\"><ul id=\"menu-team\" class=\"menu\"><li id=\"menu-item-257\" class=\"menu-item menu-item-type-post_type menu-item-object-page menu-item-has-children menu-item-257\"><a href=\"https:\/\/schwebach.de\/?page_id=12\">Unser Team<\/a>\n<ul class=\"sub-menu\">\n\t<li id=\"menu-item-246\" class=\"menu-item menu-item-type-post_type menu-item-object-page menu-item-246\"><a href=\"https:\/\/schwebach.de\/?page_id=242\">Heiner Schwebach<\/a><\/li>\n\t<li id=\"menu-item-252\" class=\"menu-item menu-item-type-post_type menu-item-object-page menu-item-252\"><a href=\"https:\/\/schwebach.de\/?page_id=247\">Hans Schwebach<\/a><\/li>\n\t<li id=\"menu-item-265\" class=\"menu-item menu-item-type-post_type menu-item-object-page menu-item-265\"><a href=\"https:\/\/schwebach.de\/?page_id=258\">Elfriede Schwebach<\/a><\/li>\n\t<li id=\"menu-item-264\" class=\"menu-item menu-item-type-post_type menu-item-object-page menu-item-264\"><a href=\"https:\/\/schwebach.de\/?page_id=261\">Hiltrud Schwebach<\/a><\/li>\n\t<li id=\"menu-item-319\" class=\"menu-item menu-item-type-post_type menu-item-object-page menu-item-319\"><a href=\"https:\/\/schwebach.de\/?page_id=285\">Oliver Weiler<\/a><\/li>\n\t<li id=\"menu-item-316\" class=\"menu-item menu-item-type-post_type menu-item-object-page menu-item-316\"><a href=\"https:\/\/schwebach.de\/?page_id=297\">J\u00f6rg Schulze<\/a><\/li>\n\t<li id=\"menu-item-1825\" class=\"menu-item menu-item-type-post_type menu-item-object-page menu-item-1825\"><a href=\"https:\/\/schwebach.de\/?page_id=310\">Renaz G\u00f6k<\/a><\/li>\n\t<li id=\"menu-item-3220\" class=\"menu-item menu-item-type-post_type menu-item-object-page menu-item-3220\"><a href=\"https:\/\/schwebach.de\/?page_id=3216\">Torsten Meuren<\/a><\/li>\n\t<li id=\"menu-item-3674\" class=\"menu-item menu-item-type-post_type menu-item-object-page menu-item-3674\"><a href=\"https:\/\/schwebach.de\/?page_id=3660\">Amelie Drescher<\/a><\/li>\n\t<li id=\"menu-item-3658\" class=\"menu-item menu-item-type-post_type menu-item-object-page menu-item-3658\"><a href=\"https:\/\/schwebach.de\/?page_id=3652\">Lilly Weber<\/a><\/li>\n\t<li id=\"menu-item-3727\" class=\"menu-item menu-item-type-post_type menu-item-object-page menu-item-3727\"><a href=\"https:\/\/schwebach.de\/?page_id=3369\">Kacper Polaczek<\/a><\/li>\n<\/ul>\n<\/li>\n<\/ul><\/div><\/div><div id=\"panel-261-0-1-1\" class=\"so-panel widget widget_sow-editor panel-last-child\" data-index=\"3\" ><div class=\"wow fadeIn panel-widget-style panel-widget-style-for-261-0-1-1\" data-wow-offset=\"10\" data-wow-iteration=\"1\" ><div\n\t\t\t\n\t\t\tclass=\"so-widget-sow-editor so-widget-sow-editor-base\"\n\t\t\t\n\t\t>\n<div class=\"siteorigin-widget-tinymce textwidget\">\n\t<p>Als Mutter und aktive Gesellschafterin der SCHWEBACH GmbH ist Hiltrud Schwebach eigentlich schon ausgelastet.<\/p>\n<p>Mit der HIMA Grundbesitz GbR, die sie gemeinsam mit Lebenspartner Marcus Pichler gegr\u00fcndet hat, hat sie ein Haus in Saarburg liebevoll zum Ferienhaus gestaltet.<\/p>\n<p><a href=\"http:\/\/hima-saarburg.de\" target=\"_blank\" rel=\"noopener\"><img loading=\"lazy\" decoding=\"async\" class=\"alignnone wp-image-1819 size-full\" src=\"https:\/\/schwebach.de\/wp-content\/uploads\/2016\/04\/logo_300.png\" alt=\"Ferienhaus Saartraum\" width=\"300\" height=\"75\" \/><\/a><\/p>\n<\/div>\n<\/div><\/div><\/div><\/div><\/div><div id=\"pg-261-1\"  class=\"panel-grid panel-no-style\" ><div id=\"pgc-261-1-0\"  class=\"panel-grid-cell\" ><div id=\"panel-261-1-0-0\" class=\"so-panel widget widget_siteorigin-panels-postloop panel-first-child panel-last-child\" data-index=\"4\" ><div class=\"wow fadeInUpBig panel-widget-style panel-widget-style-for-261-1-0-0\" data-wow-offset=\"10\" data-wow-iteration=\"1\" >\r\n<article id=\"post-184\" class=\"post-184 post type-post status-publish format-standard has-post-thumbnail hentry category-geschichte category-presseartikel tag-heiner-schwebach tag-malerblatt\">\r\n\t\t<header class=\"entry-header\">\r\n\t\t<h2 class=\"entry-title\">\r\n\t\t\t<a href=\"https:\/\/schwebach.de\/?p=184\" title=\"Portrait: Heiner Schwebach &#8211; Es geht um die Menschen\">Portrait: Heiner Schwebach &#8211; Es geht um die Menschen<\/a>\r\n\t\t<\/h2><!-- .entry-title -->\r\n\t<\/header>\r\n\r\n\t<div class=\"entry-content clearfix\">\r\n\t\t<div id=\"pl-184\"  class=\"panel-layout\" ><div id=\"pg-184-0\"  class=\"panel-grid panel-no-style\" ><div id=\"pgc-184-0-0\"  class=\"panel-grid-cell\" ><div id=\"panel-184-0-0-0\" class=\"so-panel widget widget_sow-editor panel-first-child panel-last-child\" data-index=\"0\" ><div\n\t\t\t\n\t\t\tclass=\"so-widget-sow-editor so-widget-sow-editor-base\"\n\t\t\t\n\t\t>\n<div class=\"siteorigin-widget-tinymce textwidget\">\n\t<h3>Malerblatt (Mai 2001), S. 76, 77<br \/> Internet: <a href=\"http:\/\/www.malerblatt.de\" target=\"_blank\">www.malerblatt.de<\/a><\/h3>\n<h4>Offizielles Organ Hauptverband Farbe, Gestaltung, Bautenschutz<\/h4>\n<h1><strong>Heiner Schwebach - Es geht um die Menschen<\/strong><\/h1>\n<h5><i>Gemeinsam mit Kunden und Mitarbeitern ist ein Betrieb an der Saar qualitativ gewachsen<\/i><\/h5>\n<p>Nein, Z\u00f6gern und Zaudern sind seine Sache nicht. Heiner Schwebach, Gesch\u00e4ftsf\u00fchrer des gleichnamigen Malerbetriebs in Irsch bei Saarburg, trifft seine Entscheidungen meist spontan - und verl\u00e4sst sich dabei oft auf sein Gef\u00fchl. \"Als damals vom Malerblatt die Leserreise nach Paris ausgeschrieben wurde, fiel die Entscheidung zur Teilname bei meinem Vater und mir innerhalb von 10 Minuten.\" Doch nicht nur bei solchen Fortbildungs-Veranstaltungen sind die Schwebachs fix: auch f\u00fcr sinnvolle Investitionen entscheidet man sich ruckzuck. So war es dem Irscher Betrieb auch schnell klar, sich eine Putzmaschine anzuschaffen (siehe auch Artikel \"Gewaltige Einsparungen\", Heft 1\/01, ab Seite 62). \"Die Stuckateure bearbeiten intensiv den Malermarkt. Auch wir schauen \u00fcber den Tellerrand und bieten eine gr\u00f6\u00dfere Leistungspalette an. Gipsputz beispielsweise. Und das funktioniert wirtschaftlich nur mit der richtigen Maschine\".<br \/><strong>Kunde und Mitarbeiter<\/strong><\/p>\n<figure id=\"attachment_180\" aria-describedby=\"caption-attachment-180\" style=\"width: 360px\" class=\"wp-caption alignright\"><img loading=\"lazy\" decoding=\"async\" class=\"size-full wp-image-180\" src=\"https:\/\/maler-schwebach.de\/wp-content\/uploads\/2016\/04\/malerblatt_offen_alt.png\" alt=\"malerblatt_offen_alt.png\" width=\"360\" height=\"277\" srcset=\"https:\/\/schwebach.de\/wp-content\/uploads\/2016\/04\/malerblatt_offen_alt.png 360w, https:\/\/schwebach.de\/wp-content\/uploads\/2016\/04\/malerblatt_offen_alt-300x231.png 300w\" sizes=\"auto, (max-width: 360px) 100vw, 360px\" \/><figcaption id=\"caption-attachment-180\" class=\"wp-caption-text\">Malerblatt<\/figcaption><\/figure>\n<p>Wer den inzwischen mehr als 70 Jahre alten Betrieb, und wer die Schwebachs kennt, dem f\u00e4llt eines sofort auf: trotz der ganzen Technik und trotz des konsequent wirtschaftlichen Denkens geht es immer zuallererst um die Menschen. Der Kunde steht im Mittelpunkt - und der Mitarbeiter nicht weniger. \"Ich muss immer erst den Rahmen f\u00fcr eine Zusammenarbeit schaffen, muss Kunden- wie auch Mitarbeiterw\u00fcnsche aufsp\u00fcren und ber\u00fccksichtigen\", so Heiner Schwebach.<br \/><strong>Situations-Beschreibung<\/strong><br \/>Mit dem Kunden wird lange \u00fcber jedes Angebot gesprochen, bis alle Fragen beantwortet sind und bis der Gespr\u00e4chspartner bestm\u00f6glich beraten wurde. \"Ein Bonbon m\u00fcssen Sie f\u00fcr jeden Kunden haben.\" Heiner Schwebach wei\u00df, womit er das Herz der Auftraggeber gewinnen kann. \"Und wenn wir dem Kunden noch ein St\u00fcck Himmel mit Wolken an die Decke machen ...\" Bieten kann der Irscher Betrieb das allemal, weil der \"Senior\" Hans Schwebach daf\u00fcr nicht nur ein H\u00e4ndchen, sondern eine erstklassige Begabung hat.<br \/>Was die Kunden ebenfalls beeindruckt: \"Unser Angebot ist keine Ansammlung von Textbausteinen, sondern eine richtige Situationsbeschreibung. Wir formulieren f\u00fcr den Auftraggeber das Ziel. Wie soll alles nachher aussehen, was soll erreicht werden? Au\u00dferdem gehe ich immer ans Objekt - es gibt keine Baustelle, die ich nicht gesehen habe.\" Sehr wichtig ist die zuverl\u00e4ssige Pr\u00e4senz am Objekt nat\u00fcrlich auch bei den gewerblichen Kunden. Ein Beispiel, bei dem das Organisationstalent der Schwebachs voll gefordert ist: Der Ferienpark Warsberg des Betreibers Landal Green Parks mit seinen 150 Bungalows ist Stammkunde. In der Nebensaison werden peu \u00e0 peu die Wohnungen vom Schwebach-Team renoviert.<br \/><strong>\u00d6kologie und Internet<\/strong><br \/>Dass man sich wirklich mit den Bed\u00fcrfnissen der Menschen befasst, das zeigt auch die Mitgliedschaft bei der Kooperation \"\u00d6koBauHaus\", das Handwerkerteam f\u00fcr gesunde Lebensbereiche\". Schon etliche Jahrzehnte besinnt man sich bei den Schwebachs auf die \u00d6kologie - nicht erst, seit es \"Mode\" ist.<br \/>Naturnahe Materialien verarbeiten und die Baubiologie im Hinterkopf haben, hei\u00dft jedoch absolut nicht, dass man deshalb technikfeindlich w\u00e4re. Ganz im Gegenteil! Heiner Schwebach und seine Schwester Hiltrud Schwebach ziehen beim PC-Einsatz alle Register. F\u00fcr beide ist es selbstverst\u00e4ndlich, eine Internet-Homepage zu haben und den Kunden \u00fcber diese Schiene noch mehr Service zu bieten. So f\u00fchrte man f\u00fcr einen guten Privatkunden, der unterdessen in seinem Domizil in Kanada weilte, einen Auftrag aus, fotografierte die Arbeiten per Digitalkamera und stellte die Bilder auf die Homepage, so dass der Auftraggeber sein neu gestaltetes Haus im Internet anschauen konnte.<br \/><strong>Soziale Kompetenz<\/strong><br \/>\"Mit unseren Kunden und mit unseren Mitarbeitern sind wir qualitativ gewachsen.\" Wenige haben die Gr\u00f6\u00dfe, so einen Satz zu sagen. Kundenorientiert, ja, das wollen viele sein und einige sind's sogar. Aber einen so deutlichen Fingerzeig auf die Leistungen der Mitarbeiter gibt's nur h\u00f6chst selten. Die Mitarbeiter pers\u00f6nlich sch\u00e4tzen - auch das hat im Hause Schwebach Tradition. Die \"Seniorin\" Elfriede Schwebach ist nach wie vor die Seele des Betriebs. Kein Wunder also, dass man sich ab und zu auch in der Freizeit mit den Mitarbeitern trifft. Hans und Heiner Schwebach sind sich einig: \"Wichtig ist die soziale Komponente in einem Familienbetrieb wie dem unsrigen.\" F\u00fcr Heiner Schwebach ist es noch wichtig, f\u00fcr seine Mitarbeiter quasi auch Fachberater zu sein, wenn irgend welche Dinge erkl\u00e4rt werden m\u00fcssen. Hier investiert er immer wieder viel Zeit. Im Team konnte man deshalb jede Menge Know-how und soziale Kompetenz ansammeln- die beste Voraussetzung daf\u00fcr, das selbst gesteckte Ziel zu erreichen: den Umsatz mit Privatkunden von derzeit 50 Prozent auf 60 Prozent zu erh\u00f6hen.<\/p>\n<p><i>Ulrich Schweizer<\/i><\/p>\n<\/div>\n<\/div><\/div><\/div><\/div><\/div>\t<\/div>\r\n\r\n\t<footer class=\"entry-meta-bar clearfix\"><div class=\"entry-meta clearfix\">\r\n\t\t\t<span class=\"by-author author vcard\"><a class=\"url fn n\"\r\n\t\t\t                                        href=\"https:\/\/schwebach.de\/?author=1\">Schwebach<\/a><\/span>\r\n\r\n\t\t\t<span class=\"date\"><a href=\"https:\/\/schwebach.de\/?p=184\" title=\"13:52\" rel=\"bookmark\"><time class=\"entry-date published\" datetime=\"2001-05-10T13:52:22+02:00\">10. Mai 2001<\/time><time class=\"updated\" datetime=\"2016-05-09T13:40:10+02:00\">9. Mai 2016<\/time><\/a><\/span>\t\t\t\t<span class=\"category\"><a href=\"https:\/\/schwebach.de\/?cat=11\" rel=\"category\">Geschichte<\/a>, <a href=\"https:\/\/schwebach.de\/?cat=6\" rel=\"category\">Presseartikel<\/a><\/span>\r\n\t\t\t\t\t\t\t\t<span\r\n\t\t\t\t\tclass=\"comments\"><a href=\"https:\/\/schwebach.de\/?p=184#respond\">Keine Kommentare<\/a><\/span>\r\n\t\t\t\t\t\t\t\t<span class=\"read-more-link\">\r\n\t\t\t\t\t\t<a class=\"read-more\"\r\n\t\t\t\t\t\t   href=\"https:\/\/schwebach.de\/?p=184\">Weiterlesen<\/a>\r\n\t\t\t\t\t<\/span>\r\n\t\t\t\t\t<\/div><\/footer>\r\n\t<\/article>\r\n<\/div><\/div><\/div><\/div><\/div>","protected":false},"excerpt":{"rendered":"<p>Hiltrud Schwebach Position: GesellschafterineMail: hiltrud@schwebach.de T\u00e4tigkeitsschwerpunkte Finanzbuchhaltung und EDV Zertifizierte Fachberaterin f\u00fcr \u00f6kologisches Bauen und Wohnen Spezialit\u00e4ten Erkrankungen und Wohnschadstoffe, rechtliche Rahmenbedingungen Vorkommen, Toxikologie und Wirkungscharakter ausgew\u00e4hlter Schadstoffe \u00d6ko-Check, Vermeidung und Beseitigung von Schadstoffen Als Mutter und aktive Gesellschafterin der<\/p>\n","protected":false},"author":1,"featured_media":262,"parent":12,"menu_order":0,"comment_status":"closed","ping_status":"closed","template":"","meta":{"footnotes":""},"class_list":["post-261","page","type-page","status-publish","has-post-thumbnail","hentry"],"yoast_head":"<!-- This site is optimized with the Yoast SEO plugin v27.3 - https:\/\/yoast.com\/product\/yoast-seo-wordpress\/ -->\n<title>Hiltrud Schwebach - Schwebach Maler &amp; Lackierer GmbH<\/title>\n<meta name=\"robots\" content=\"index, follow, max-snippet:-1, max-image-preview:large, max-video-preview:-1\" \/>\n<link rel=\"canonical\" href=\"https:\/\/schwebach.de\/?page_id=261\" \/>\n<meta property=\"og:locale\" content=\"de_DE\" \/>\n<meta property=\"og:type\" content=\"article\" \/>\n<meta property=\"og:title\" content=\"Hiltrud Schwebach - Schwebach Maler &amp; Lackierer GmbH\" \/>\n<meta property=\"og:description\" content=\"Hiltrud Schwebach Position: GesellschafterineMail: hiltrud@schwebach.de T\u00e4tigkeitsschwerpunkte Finanzbuchhaltung und EDV Zertifizierte Fachberaterin f\u00fcr \u00f6kologisches Bauen und Wohnen Spezialit\u00e4ten Erkrankungen und Wohnschadstoffe, rechtliche Rahmenbedingungen Vorkommen, Toxikologie und Wirkungscharakter ausgew\u00e4hlter Schadstoffe \u00d6ko-Check, Vermeidung und Beseitigung von Schadstoffen Als Mutter und aktive Gesellschafterin der\" \/>\n<meta property=\"og:url\" content=\"https:\/\/schwebach.de\/?page_id=261\" \/>\n<meta property=\"og:site_name\" content=\"SCHWEBACH Maler &amp; Lackierer\" \/>\n<meta property=\"article:publisher\" content=\"https:\/\/www.facebook.com\/schwebach.wohlfuehlmaler\" \/>\n<meta property=\"article:modified_time\" content=\"2023-09-08T13:23:59+00:00\" \/>\n<meta property=\"og:image\" content=\"https:\/\/schwebach.de\/wp-content\/uploads\/2016\/04\/t_Schwebach_Hiltrud.jpg\" \/>\n\t<meta property=\"og:image:width\" content=\"350\" \/>\n\t<meta property=\"og:image:height\" content=\"525\" \/>\n\t<meta property=\"og:image:type\" content=\"image\/jpeg\" \/>\n<meta name=\"twitter:card\" content=\"summary_large_image\" \/>\n<meta name=\"twitter:label1\" content=\"Gesch\u00e4tzte Lesezeit\" \/>\n\t<meta name=\"twitter:data1\" content=\"1\u00a0Minute\" \/>\n<script type=\"application\/ld+json\" class=\"yoast-schema-graph\">{\"@context\":\"https:\\\/\\\/schema.org\",\"@graph\":[{\"@type\":\"WebPage\",\"@id\":\"https:\\\/\\\/schwebach.de\\\/?page_id=261\",\"url\":\"https:\\\/\\\/schwebach.de\\\/?page_id=261\",\"name\":\"Hiltrud Schwebach - Schwebach Maler & Lackierer GmbH\",\"isPartOf\":{\"@id\":\"https:\\\/\\\/schwebach.de\\\/#website\"},\"primaryImageOfPage\":{\"@id\":\"https:\\\/\\\/schwebach.de\\\/?page_id=261#primaryimage\"},\"image\":{\"@id\":\"https:\\\/\\\/schwebach.de\\\/?page_id=261#primaryimage\"},\"thumbnailUrl\":\"https:\\\/\\\/schwebach.de\\\/wp-content\\\/uploads\\\/2016\\\/04\\\/t_Schwebach_Hiltrud.jpg\",\"datePublished\":\"2016-04-29T12:49:04+00:00\",\"dateModified\":\"2023-09-08T13:23:59+00:00\",\"breadcrumb\":{\"@id\":\"https:\\\/\\\/schwebach.de\\\/?page_id=261#breadcrumb\"},\"inLanguage\":\"de\",\"potentialAction\":[{\"@type\":\"ReadAction\",\"target\":[\"https:\\\/\\\/schwebach.de\\\/?page_id=261\"]}]},{\"@type\":\"ImageObject\",\"inLanguage\":\"de\",\"@id\":\"https:\\\/\\\/schwebach.de\\\/?page_id=261#primaryimage\",\"url\":\"https:\\\/\\\/schwebach.de\\\/wp-content\\\/uploads\\\/2016\\\/04\\\/t_Schwebach_Hiltrud.jpg\",\"contentUrl\":\"https:\\\/\\\/schwebach.de\\\/wp-content\\\/uploads\\\/2016\\\/04\\\/t_Schwebach_Hiltrud.jpg\",\"width\":350,\"height\":525,\"caption\":\"Hiltrud Schwebach\"},{\"@type\":\"BreadcrumbList\",\"@id\":\"https:\\\/\\\/schwebach.de\\\/?page_id=261#breadcrumb\",\"itemListElement\":[{\"@type\":\"ListItem\",\"position\":1,\"name\":\"Startseite\",\"item\":\"https:\\\/\\\/schwebach.de\\\/\"},{\"@type\":\"ListItem\",\"position\":2,\"name\":\"Unser Team\",\"item\":\"https:\\\/\\\/schwebach.de\\\/?page_id=12\"},{\"@type\":\"ListItem\",\"position\":3,\"name\":\"Hiltrud Schwebach\"}]},{\"@type\":\"WebSite\",\"@id\":\"https:\\\/\\\/schwebach.de\\\/#website\",\"url\":\"https:\\\/\\\/schwebach.de\\\/\",\"name\":\"SCHWEBACH Maler &amp; Lackierer\",\"description\":\"Ihr Wohlf\u00fchlmaler aus Irsch\\\/Saar\",\"publisher\":{\"@id\":\"https:\\\/\\\/schwebach.de\\\/#organization\"},\"potentialAction\":[{\"@type\":\"SearchAction\",\"target\":{\"@type\":\"EntryPoint\",\"urlTemplate\":\"https:\\\/\\\/schwebach.de\\\/?s={search_term_string}\"},\"query-input\":{\"@type\":\"PropertyValueSpecification\",\"valueRequired\":true,\"valueName\":\"search_term_string\"}}],\"inLanguage\":\"de\"},{\"@type\":\"Organization\",\"@id\":\"https:\\\/\\\/schwebach.de\\\/#organization\",\"name\":\"Schwebach Maler & Lackierer GmbH\",\"url\":\"https:\\\/\\\/schwebach.de\\\/\",\"logo\":{\"@type\":\"ImageObject\",\"inLanguage\":\"de\",\"@id\":\"https:\\\/\\\/schwebach.de\\\/#\\\/schema\\\/logo\\\/image\\\/\",\"url\":\"https:\\\/\\\/schwebach.de\\\/wp-content\\\/uploads\\\/2016\\\/04\\\/butterfly.png\",\"contentUrl\":\"https:\\\/\\\/schwebach.de\\\/wp-content\\\/uploads\\\/2016\\\/04\\\/butterfly.png\",\"width\":463,\"height\":310,\"caption\":\"Schwebach Maler & Lackierer GmbH\"},\"image\":{\"@id\":\"https:\\\/\\\/schwebach.de\\\/#\\\/schema\\\/logo\\\/image\\\/\"},\"sameAs\":[\"https:\\\/\\\/www.facebook.com\\\/schwebach.wohlfuehlmaler\",\"https:\\\/\\\/www.youtube.com\\\/user\\\/Wohlfuehlmaler\"]}]}<\/script>\n<!-- \/ Yoast SEO plugin. -->","yoast_head_json":{"title":"Hiltrud Schwebach - Schwebach Maler & Lackierer GmbH","robots":{"index":"index","follow":"follow","max-snippet":"max-snippet:-1","max-image-preview":"max-image-preview:large","max-video-preview":"max-video-preview:-1"},"canonical":"https:\/\/schwebach.de\/?page_id=261","og_locale":"de_DE","og_type":"article","og_title":"Hiltrud Schwebach - Schwebach Maler & Lackierer GmbH","og_description":"Hiltrud Schwebach Position: GesellschafterineMail: hiltrud@schwebach.de T\u00e4tigkeitsschwerpunkte Finanzbuchhaltung und EDV Zertifizierte Fachberaterin f\u00fcr \u00f6kologisches Bauen und Wohnen Spezialit\u00e4ten Erkrankungen und Wohnschadstoffe, rechtliche Rahmenbedingungen Vorkommen, Toxikologie und Wirkungscharakter ausgew\u00e4hlter Schadstoffe \u00d6ko-Check, Vermeidung und Beseitigung von Schadstoffen Als Mutter und aktive Gesellschafterin der","og_url":"https:\/\/schwebach.de\/?page_id=261","og_site_name":"SCHWEBACH Maler &amp; Lackierer","article_publisher":"https:\/\/www.facebook.com\/schwebach.wohlfuehlmaler","article_modified_time":"2023-09-08T13:23:59+00:00","og_image":[{"width":350,"height":525,"url":"https:\/\/schwebach.de\/wp-content\/uploads\/2016\/04\/t_Schwebach_Hiltrud.jpg","type":"image\/jpeg"}],"twitter_card":"summary_large_image","twitter_misc":{"Gesch\u00e4tzte Lesezeit":"1\u00a0Minute"},"schema":{"@context":"https:\/\/schema.org","@graph":[{"@type":"WebPage","@id":"https:\/\/schwebach.de\/?page_id=261","url":"https:\/\/schwebach.de\/?page_id=261","name":"Hiltrud Schwebach - Schwebach Maler & Lackierer GmbH","isPartOf":{"@id":"https:\/\/schwebach.de\/#website"},"primaryImageOfPage":{"@id":"https:\/\/schwebach.de\/?page_id=261#primaryimage"},"image":{"@id":"https:\/\/schwebach.de\/?page_id=261#primaryimage"},"thumbnailUrl":"https:\/\/schwebach.de\/wp-content\/uploads\/2016\/04\/t_Schwebach_Hiltrud.jpg","datePublished":"2016-04-29T12:49:04+00:00","dateModified":"2023-09-08T13:23:59+00:00","breadcrumb":{"@id":"https:\/\/schwebach.de\/?page_id=261#breadcrumb"},"inLanguage":"de","potentialAction":[{"@type":"ReadAction","target":["https:\/\/schwebach.de\/?page_id=261"]}]},{"@type":"ImageObject","inLanguage":"de","@id":"https:\/\/schwebach.de\/?page_id=261#primaryimage","url":"https:\/\/schwebach.de\/wp-content\/uploads\/2016\/04\/t_Schwebach_Hiltrud.jpg","contentUrl":"https:\/\/schwebach.de\/wp-content\/uploads\/2016\/04\/t_Schwebach_Hiltrud.jpg","width":350,"height":525,"caption":"Hiltrud Schwebach"},{"@type":"BreadcrumbList","@id":"https:\/\/schwebach.de\/?page_id=261#breadcrumb","itemListElement":[{"@type":"ListItem","position":1,"name":"Startseite","item":"https:\/\/schwebach.de\/"},{"@type":"ListItem","position":2,"name":"Unser Team","item":"https:\/\/schwebach.de\/?page_id=12"},{"@type":"ListItem","position":3,"name":"Hiltrud Schwebach"}]},{"@type":"WebSite","@id":"https:\/\/schwebach.de\/#website","url":"https:\/\/schwebach.de\/","name":"SCHWEBACH Maler &amp; Lackierer","description":"Ihr Wohlf\u00fchlmaler aus Irsch\/Saar","publisher":{"@id":"https:\/\/schwebach.de\/#organization"},"potentialAction":[{"@type":"SearchAction","target":{"@type":"EntryPoint","urlTemplate":"https:\/\/schwebach.de\/?s={search_term_string}"},"query-input":{"@type":"PropertyValueSpecification","valueRequired":true,"valueName":"search_term_string"}}],"inLanguage":"de"},{"@type":"Organization","@id":"https:\/\/schwebach.de\/#organization","name":"Schwebach Maler & Lackierer GmbH","url":"https:\/\/schwebach.de\/","logo":{"@type":"ImageObject","inLanguage":"de","@id":"https:\/\/schwebach.de\/#\/schema\/logo\/image\/","url":"https:\/\/schwebach.de\/wp-content\/uploads\/2016\/04\/butterfly.png","contentUrl":"https:\/\/schwebach.de\/wp-content\/uploads\/2016\/04\/butterfly.png","width":463,"height":310,"caption":"Schwebach Maler & Lackierer GmbH"},"image":{"@id":"https:\/\/schwebach.de\/#\/schema\/logo\/image\/"},"sameAs":["https:\/\/www.facebook.com\/schwebach.wohlfuehlmaler","https:\/\/www.youtube.com\/user\/Wohlfuehlmaler"]}]}},"_links":{"self":[{"href":"https:\/\/schwebach.de\/index.php?rest_route=\/wp\/v2\/pages\/261","targetHints":{"allow":["GET"]}}],"collection":[{"href":"https:\/\/schwebach.de\/index.php?rest_route=\/wp\/v2\/pages"}],"about":[{"href":"https:\/\/schwebach.de\/index.php?rest_route=\/wp\/v2\/types\/page"}],"author":[{"embeddable":true,"href":"https:\/\/schwebach.de\/index.php?rest_route=\/wp\/v2\/users\/1"}],"replies":[{"embeddable":true,"href":"https:\/\/schwebach.de\/index.php?rest_route=%2Fwp%2Fv2%2Fcomments&post=261"}],"version-history":[{"count":14,"href":"https:\/\/schwebach.de\/index.php?rest_route=\/wp\/v2\/pages\/261\/revisions"}],"predecessor-version":[{"id":3656,"href":"https:\/\/schwebach.de\/index.php?rest_route=\/wp\/v2\/pages\/261\/revisions\/3656"}],"up":[{"embeddable":true,"href":"https:\/\/schwebach.de\/index.php?rest_route=\/wp\/v2\/pages\/12"}],"wp:featuredmedia":[{"embeddable":true,"href":"https:\/\/schwebach.de\/index.php?rest_route=\/wp\/v2\/media\/262"}],"wp:attachment":[{"href":"https:\/\/schwebach.de\/index.php?rest_route=%2Fwp%2Fv2%2Fmedia&parent=261"}],"curies":[{"name":"wp","href":"https:\/\/api.w.org\/{rel}","templated":true}]}}